{"id":81,"date":"2019-09-23T15:45:22","date_gmt":"2019-09-23T15:45:22","guid":{"rendered":"http:\/\/eichendorffschule-essen.de\/?page_id=81"},"modified":"2019-10-03T12:50:19","modified_gmt":"2019-10-03T12:50:19","slug":"individuelle-foerderung-2","status":"publish","type":"page","link":"https:\/\/eichendorffschule-essen.de\/?page_id=81","title":{"rendered":"Individuelle F\u00f6rderung"},"content":{"rendered":"\n<p>An unserer Schule wird eine gro\u00dfe Vielfalt erprobter und aufeinander abgestimmter Verfahren und Ma\u00dfnahmen zur individuellen F\u00f6rderung praktiziert, die die Sch\u00fclerinnen und Sch\u00fcler von der Anmeldung bis zum Verlassen der Schule begleiten.&nbsp;<\/p>\n\n\n\n<p>Neben der F\u00f6rderung von Grundkompetenzen auf der Basis einer differenzierten Diagnostik legen wir seit Jahren besonderes Augenmerk auf die gezielte F\u00f6rderung begabter Kinder. Das Kollegium ist offen f\u00fcr eine zielgerichtete Weiterentwicklung der schulischen Konzeption im Bereich der individuellen F\u00f6rderung, offen auch f\u00fcr die produktive Zusammenarbeit mit Eltern und au\u00dferschulischen Organisationen.<\/p>\n\n\n\n<p>Dreh- und Angelpunkt p\u00e4dagogischen Handelns ist die Wertsch\u00e4tzung jedes jungen Menschen mit seinen besonderen Begabungen und Talenten und der Respekt vor seinen pers\u00f6nlichen Bed\u00fcrfnissen, Interessen und Leidenschaften.<\/p>\n\n\n\n<p><\/p>\n","protected":false},"excerpt":{"rendered":"<p>An unserer Schule wird eine gro\u00dfe Vielfalt erprobter und aufeinander abgestimmter Verfahren und Ma\u00dfnahmen zur individuellen F\u00f6rderung praktiziert, die die Sch\u00fclerinnen und Sch\u00fcler von der Anmeldung bis zum Verlassen der Schule begleiten.&nbsp; Neben der F\u00f6rderung von Grundkompetenzen auf der Basis einer differenzierten Diagnostik legen wir seit Jahren besonderes Augenmerk auf die gezielte F\u00f6rderung begabter Kinder. <a class=\"read-more\" href=\"https:\/\/eichendorffschule-essen.de\/?page_id=81\">READ MORE<\/a><\/p>\n","protected":false},"author":1,"featured_media":0,"parent":0,"menu_order":0,"comment_status":"closed","ping_status":"closed","template":"template-full-width.php","meta":{"footnotes":""},"class_list":["post-81","page","type-page","status-publish","hentry"],"_links":{"self":[{"href":"https:\/\/eichendorffschule-essen.de\/index.php?rest_route=\/wp\/v2\/pages\/81","targetHints":{"allow":["GET"]}}],"collection":[{"href":"https:\/\/eichendorffschule-essen.de\/index.php?rest_route=\/wp\/v2\/pages"}],"about":[{"href":"https:\/\/eichendorffschule-essen.de\/index.php?rest_route=\/wp\/v2\/types\/page"}],"author":[{"embeddable":true,"href":"https:\/\/eichendorffschule-essen.de\/index.php?rest_route=\/wp\/v2\/users\/1"}],"replies":[{"embeddable":true,"href":"https:\/\/eichendorffschule-essen.de\/index.php?rest_route=%2Fwp%2Fv2%2Fcomments&post=81"}],"version-history":[{"count":3,"href":"https:\/\/eichendorffschule-essen.de\/index.php?rest_route=\/wp\/v2\/pages\/81\/revisions"}],"predecessor-version":[{"id":306,"href":"https:\/\/eichendorffschule-essen.de\/index.php?rest_route=\/wp\/v2\/pages\/81\/revisions\/306"}],"wp:attachment":[{"href":"https:\/\/eichendorffschule-essen.de\/index.php?rest_route=%2Fwp%2Fv2%2Fmedia&parent=81"}],"curies":[{"name":"wp","href":"https:\/\/api.w.org\/{rel}","templated":true}]}}